{"id":4188,"date":"2020-07-04T09:50:00","date_gmt":"2020-07-04T06:50:00","guid":{"rendered":"https:\/\/insanveinsan.org\/?page_id=4188"},"modified":"2021-03-30T20:40:05","modified_gmt":"2021-03-30T17:40:05","slug":"sayi-25-yaz-2020","status":"publish","type":"page","link":"https:\/\/www.insanveinsan.org\/en\/sayi-25-yaz-2020\/","title":{"rendered":"Issue 25, Summer 2020"},"content":{"rendered":"<p><\/p>\n<table bgcolor=\"transparent\">\n<tbody>\n<tr>\n<td style=\"border-bottom: 1px dashed gray;\"><span style=\"color: default; font: 15px Trajan pro,arial,sans-serift;\">Y\u0131l 7, Say\u0131 25, Yaz 2020<\/span><\/td>\n<td style=\"text-align: right; border-bottom: 1px dashed gray; margin-top: -4%; margin-bottom: -0.8%;\">ISSN: 2148-7537<\/td>\n<\/tr>\n<\/tbody>\n<\/table>\n<blockquote><p><span style=\"color: #008080;\"><em>THEME OF THE ISSUE: MEDIA AND DEMOCRACY<\/em><\/span><\/p><\/blockquote>\n<table style=\"height: 549px;\" width=\"659\" cellspacing=\"1\" bgcolor=\"transparent\">\n<tbody>\n<tr>\n<td bgcolor=\"transparent\" width=\"85%\"><span style=\"color: default; font: 15px Trajan pro,arial,sans-serift;\">Makaleler<br \/>\nArticles<\/span><\/td>\n<td width=\"15%\"><\/td>\n<\/tr>\n<tr>\n<td bgcolor=\"transparent\" width=\"85%\"><span style=\"color: default; font: 17px Trajan pro,arial,sans-serift;\"> H. Emre Ba\u011fce <\/span><br \/>\n<a title=\"T\u00fcrkiye\u2019de Medya ve Demokrasinin Yap\u0131sal ve Etik Sorunlar\u0131\" href=\"\/turkiyede-medya-ve-demokrasinin-yapisal-ve-etik-sorunlari\/\"><span style=\"text-decoration: none; font: italic 17px minion pro,arial,sans-serif;\">T\u00fcrkiye\u2019de Medya ve Demokrasinin Yap\u0131sal ve Etik Sorunlar\u0131<\/span><\/a><br \/>\n<a title=\"Structural and Ethical Problems of Media and Democracy in Turkey\" href=\"\/en\/turkiyede-medya-ve-demokrasinin-yapisal-ve-etik-sorunlari\/\"> <span style=\"text-decoration: none; font-variant: normal; font-weight: normal; font-stretch: normal; font-size: 17px; line-height: normal; font-family: 'minion pro', arial, sans-serif;\">Structural and Ethical Problems of Media and Democracy in Turkey<\/span><\/a><\/td>\n<td style=\"text-align: right; vertical-align: middle;\" bgcolor=\"transparent\"><a title=\" Structural and Ethical Problems of Media and Democracy in Turkey\" href=\"\/en\/turkiyede-medya-ve-demokrasinin-yapisal-ve-etik-sorunlari\/\"><span style=\"color: default; font: 38px Trajan pro,arial,sans-serift;\">9<\/span><\/a><\/td>\n<\/tr>\n<tr>\n<td bgcolor=\"transparent\" width=\"85%\"><span style=\"color: default; font: 17px Trajan pro,arial,sans-serift;\"> Mustafa C. Sadakao\u011flu \/ \u00d6zg\u00fcr Emek Korkmaz <\/span><br \/>\n<a title=\"Geleneksel ve Dijital Kitle \u0130leti\u015fim Ara\u00e7lar\u0131 Bak\u0131m\u0131ndan 1952 ve 2008 ABD Ba\u015fkanl\u0131k Se\u00e7im Kampanyalar\u0131\" href=\"\/geleneksel-ve-dijital-kitle-iletisim-araclari-bakimindan-1952-ve-2008-ABD-baskanlik-secim-kampanyalari\/\"><span style=\"text-decoration: none; font: italic 17px minion pro,arial,sans-serif;\">Geleneksel ve Dijital Kitle \u0130leti\u015fim Ara\u00e7lar\u0131 Bak\u0131m\u0131ndan 1952 ve 2008 ABD Ba\u015fkanl\u0131k Se\u00e7im Kampanyalar\u0131<\/span><\/a><br \/>\n<a title=\"The 1952 and 2008 US Presidential Election Campaigns in terms of Traditional and Digital Mass Communication\" href=\"\/en\/geleneksel-ve-dijital-kitle-iletisim-araclari-bakimindan-1952-ve-2008-ABD-baskanlik-secim-kampanyalari\/\"> <span style=\"text-decoration: none; font-variant: normal; font-weight: normal; font-stretch: normal; font-size: 17px; line-height: normal; font-family: 'minion pro', arial, sans-serif;\">The 1952 and 2008 US Presidential Election Campaigns in terms of Traditional and Digital Mass Communication<\/span><\/a><\/td>\n<td style=\"text-align: right; vertical-align: middle;\" bgcolor=\"transparent\"><a title=\"The 1952 and 2008 US Presidential Election Campaigns in terms of Traditional and Digital Mass Communication\" href=\"\/en\/geleneksel-ve-dijital-kitle-iletisim-araclari-bakimindan-1952-ve-2008-ABD-baskanlik-secim-kampanyalari\/\"><span style=\"color: default; font: 38px Trajan pro,arial,sans-serift;\">29<\/span><\/a><\/td>\n<\/tr>\n<tr>\n<td bgcolor=\"transparent\" width=\"85%\"><span style=\"color: default; font: 17px Trajan pro,arial,sans-serift;\">Ahmet Yi\u011fitalp Tulga<\/span><br \/>\n<a title=\"Kitle \u0130leti\u015fim Ara\u00e7lar\u0131n\u0131n Ter\u00f6rizmdeki Rol\u00fc ve Bireyler \u00dczerindeki Etkisi\" href=\"\/kitle-iletisim-araclarinin-terorizmdeki-rolu-ve-bireyler-uzerindeki-etkisi\/\"><span style=\"text-decoration: none; font: italic 17px minion pro,arial,sans-serif;\">Kitle \u0130leti\u015fim Ara\u00e7lar\u0131n\u0131n Ter\u00f6rizmdeki Rol\u00fc ve Bireyler \u00dczerindeki Etkisi<\/span><\/a><br \/>\n<a title=\"The Role of Mass Media in Terrorism and Its Effect on Individuals\" href=\"\/en\/kitle-iletisim-araclarinin-terorizmdeki-rolu-ve-bireyler-uzerindeki-etkisi\/\"> <span style=\"text-decoration: none; font-variant: normal; font-weight: normal; font-stretch: normal; font-size: 17px; line-height: normal; font-family: 'minion pro', arial, sans-serif;\">The Role of Mass Media in Terrorism and Its Effect on Individuals<\/span><\/a><\/td>\n<td style=\"text-align: right; vertical-align: middle;\" bgcolor=\"transparent\"><a title=\"The Role of Mass Media in Terrorism and Its Effect on Individuals\" href=\"\/en\/kitle-iletisim-araclarinin-terorizmdeki-rolu-ve-bireyler-uzerindeki-etkisi\/\"><span style=\"color: default; font: 38px Trajan pro,arial,sans-serift;\">47<\/span><\/a><\/td>\n<\/tr>\n<tr>\n<td bgcolor=\"transparent\" width=\"85%\"><span style=\"color: default; font: 17px Trajan pro,arial,sans-serift;\">\u00c7a\u011fla P\u0131nar Tun\u00e7er<\/span><br \/>\n<a title=\"Sosyal Medya ve \u015eiddet: Ek\u015fi S\u00f6zl\u00fck\u2019te \u00c7inli Alg\u0131s\u0131\" href=\"\/sosyal-medya-ve-siddet-eksi-sozlukte-cinli-algisi\/\"><span style=\"text-decoration: none; font: italic 17px minion pro,arial,sans-serif;\">Sosyal Medya ve \u015eiddet: Ek\u015fi S\u00f6zl\u00fck\u2019te \u00c7inli Alg\u0131s\u0131<\/span><\/a><br \/>\n<a title=\"Social Media and Violence: Chinese Perception in Ek\u015fi S\u00f6zl\u00fck\" href=\"\/en\/sosyal-medya-ve-siddet-eksi-sozlukte-cinli-algisi\/\"> <span style=\"text-decoration: none; font-variant: normal; font-weight: normal; font-stretch: normal; font-size: 17px; line-height: normal; font-family: 'minion pro', arial, sans-serif;\">Social Media and Violence: Chinese Perception in Ek\u015fi S\u00f6zl\u00fck<\/span><\/a><\/td>\n<td style=\"text-align: right; vertical-align: middle;\" bgcolor=\"transparent\"><a title=\"Social Media and Violence: Chinese Perception in Ek\u015fi S\u00f6zl\u00fck\" href=\"\/en\/sosyal-medya-ve-siddet-eksi-sozlukte-cinli-algisi\/\"><span style=\"color: default; font: 38px Trajan pro,arial,sans-serift;\">65<\/span><\/a><\/td>\n<\/tr>\n<\/tbody>\n<\/table>\n<table bgcolor=\"transparent\">\n<tbody>\n<tr>\n<td style=\"border-bottom: 1px dashed gray;\"><\/td>\n<\/tr>\n<\/tbody>\n<\/table>\n<p><img loading=\"lazy\" decoding=\"async\" class=\"alignnone wp-image-119 size-full\" src=\"\/wp-content\/uploads\/pdf-e1407190133528.png\" alt=\"\" width=\"50\" height=\"50\"><br \/>\n<span style=\"text-decoration: none; font-variant: normal; font-weight: normal; font-stretch: normal; font-size: 15px; line-height: normal; font-family: 'minion pro', arial, sans-serif;\">Year 7, Issue 25, Summer 2020<br \/>\nTam metin \/ Full text<\/span><\/p>\n<div style=\"width: 240px;\">\n<span style=\"text-decoration: none; font-variant: normal; font-weight: normal; font-stretch: normal; font-size: 15px; line-height: normal; font-family: 'minion pro', arial, sans-serif;\"><\/p>\n<div style=\"float: left; width: 20px;\"><img decoding=\"async\" style=\"border-width:0\" src=\"\/wp-content\/uploads\/izleme-icon.png\"><\/div>\n<p><span style=\"text-decoration: none; font-variant: normal; font-weight: normal; font-stretch: normal; font-size: 15px; line-height: normal; font-family: 'minion pro', arial, sans-serif;\"><\/span><\/p>\n<div style=\"float: left; width: 50px;\">[post-views]<\/div>\n<div style=\"float: left; width: 20px;\"><img decoding=\"async\" style=\"border-width:0\" src=\"\/wp-content\/uploads\/indirme-icon.png\"><\/div>\n<div style=\"float: left; width: 150px;\"><span style=\"text-decoration: none; font-variant: normal; font-weight: normal; font-stretch: normal; font-size: 15px; line-height: normal; font-family: 'minion pro', arial, sans-serif;\"><div class=\"sdm_download_count\"><span class=\"sdm_count_number\">395<\/span><span class=\"sdm_count_string\"> Downloads<\/span><\/div><\/span><\/div>\n<p><br style=\"clear: left;\"><\/p>\n<p><\/span><\/div>\n<div class=\"sdm_download_button_box_default\"><div class=\"sdm_download_link\"><a href=\"https:\/\/www.insanveinsan.org\/?sdm_process_download=1&download_id=4148\" class=\"sdm_download grey\" title=\"(Turkish) 25\" target=&quot;_blank&quot;>Download Now!<\/a><\/div><\/div>\n<table bgcolor=\"transparent\">\n<tbody>\n<tr>\n<td style=\"border-bottom: 1px dashed gray;\"><\/td>\n<\/tr>\n<\/tbody>\n<\/table>\n<p><span style=\"text-decoration: none; font-variant: normal; font-weight: normal; font-stretch: normal; font-size: 15px; line-height: normal; font-family: 'minion pro', arial, sans-serif;\"><a rel=\"license\" href=\"http:\/\/creativecommons.org\/licenses\/by-nc\/4.0\/\"><img decoding=\"async\" alt=\"Creative Commons License\" style=\"border-width:0\" src=\"https:\/\/i.creativecommons.org\/l\/by-nc\/4.0\/80x15.png\"><\/a><br \/>\nThis work is licensed under a <a rel=\"license\" href=\"http:\/\/creativecommons.org\/licenses\/by-nc\/4.0\/\">Creative Commons Attribution-NonCommercial 4.0 International License<\/a>.<\/span><\/p>","protected":false},"excerpt":{"rendered":"<p>Y\u0131l 7, Say\u0131 25, Yaz 2020 ISSN: 2148-7537 THEME OF THE ISSUE: MEDIA AND DEMOCRACY Makaleler Articles H. Emre Ba\u011fce T\u00fcrkiye\u2019de Medya ve Demokrasinin Yap\u0131sal ve Etik Sorunlar\u0131 Structural and Ethical Problems of Media and Democracy in Turkey 9 Mustafa C. Sadakao\u011flu \/ \u00d6zg\u00fcr Emek Korkmaz Geleneksel ve Dijital Kitle \u0130leti\u015fim Ara\u00e7lar\u0131 Bak\u0131m\u0131ndan 1952 ve &hellip; <a href=\"https:\/\/www.insanveinsan.org\/en\/sayi-25-yaz-2020\/\" class=\"more-link\">Continue reading <span class=\"screen-reader-text\">Issue 25, Summer 2020<\/span><\/a><\/p>\n","protected":false},"author":1,"featured_media":0,"parent":0,"menu_order":0,"comment_status":"closed","ping_status":"closed","template":"","meta":{"footnotes":""},"class_list":["post-4188","page","type-page","status-publish","hentry"],"_links":{"self":[{"href":"https:\/\/www.insanveinsan.org\/en\/wp-json\/wp\/v2\/pages\/4188","targetHints":{"allow":["GET"]}}],"collection":[{"href":"https:\/\/www.insanveinsan.org\/en\/wp-json\/wp\/v2\/pages"}],"about":[{"href":"https:\/\/www.insanveinsan.org\/en\/wp-json\/wp\/v2\/types\/page"}],"author":[{"embeddable":true,"href":"https:\/\/www.insanveinsan.org\/en\/wp-json\/wp\/v2\/users\/1"}],"replies":[{"embeddable":true,"href":"https:\/\/www.insanveinsan.org\/en\/wp-json\/wp\/v2\/comments?post=4188"}],"version-history":[{"count":3,"href":"https:\/\/www.insanveinsan.org\/en\/wp-json\/wp\/v2\/pages\/4188\/revisions"}],"predecessor-version":[{"id":4683,"href":"https:\/\/www.insanveinsan.org\/en\/wp-json\/wp\/v2\/pages\/4188\/revisions\/4683"}],"wp:attachment":[{"href":"https:\/\/www.insanveinsan.org\/en\/wp-json\/wp\/v2\/media?parent=4188"}],"curies":[{"name":"wp","href":"https:\/\/api.w.org\/{rel}","templated":true}]}}